{"id":23418,"date":"2020-11-17T15:55:42","date_gmt":"2020-11-17T18:55:42","guid":{"rendered":"https:\/\/saxuming.net\/nuestro-equipo\/"},"modified":"2026-01-06T01:13:55","modified_gmt":"2026-01-06T04:13:55","slug":"nossa-equipe","status":"publish","type":"page","link":"https:\/\/saxuming.net\/pt-br\/nossa-equipe\/","title":{"rendered":"Nossa Equipe"},"content":{"rendered":"<div class=\"vgblk-rw-wrapper limit-wrapper\">\n\n\t\t\t\t\t\t\t<img loading=\"lazy\" src=\"https:\/\/saxuming.net\/wp-content\/uploads\/2020\/12\/MG_9297.jpg\" alt=\"_MG_9297\" itemprop=\"image\" height=\"1326\" width=\"1326\" title=\"_MG_9297\" onerror=\"this.style.display='none'\"  sizes=\"(max-width: 768px) 100vw, 100vw\" srcset=\"data:image\/svg+xml;utf8,&lt;svg%20xmlns=&quot;http:\/\/www.w3.org\/2000\/svg&quot;%20viewBox=&quot;0%200%201326%201326&quot;%20height=&quot;1326px&quot;%20width=&quot;1326px&quot;\/&gt;\" data-srcset=\"https:\/\/saxuming.net\/wp-content\/uploads\/2020\/12\/MG_9297.jpg 1326w, https:\/\/saxuming.net\/wp-content\/uploads\/2020\/12\/MG_9297-300x300.jpg 300w, https:\/\/saxuming.net\/wp-content\/uploads\/2020\/12\/MG_9297-1024x1024.jpg 1024w, https:\/\/saxuming.net\/wp-content\/uploads\/2020\/12\/MG_9297-150x150.jpg 150w, https:\/\/saxuming.net\/wp-content\/uploads\/2020\/12\/MG_9297-768x768.jpg 768w, https:\/\/saxuming.net\/wp-content\/uploads\/2020\/12\/MG_9297-700x700.jpg 700w, https:\/\/saxuming.net\/wp-content\/uploads\/2020\/12\/MG_9297-466x466.jpg 466w, https:\/\/saxuming.net\/wp-content\/uploads\/2020\/12\/MG_9297-933x933.jpg 933w, https:\/\/saxuming.net\/wp-content\/uploads\/2020\/12\/MG_9297-350x350.jpg 350w, https:\/\/saxuming.net\/wp-content\/uploads\/2020\/12\/MG_9297-100x100.jpg 100w\" \/>\t\t\t\t\t\t\t\n<h2>\n\tGuillermo Etse\n\t<\/h2>\n<h2>\n\tCEO\n\t<\/h2>\n\t<p>Ampla experi\u00eancia na an\u00e1lise e projeto de estruturas e funda\u00e7\u00f5es de edif\u00edcios de ped\u00e1gio e, em particular, de estruturas complexas para instala\u00e7\u00f5es industriais pesadas, como torres de processo de f\u00e1bricas de cimento, silos, funda\u00e7\u00f5es de moinhos e estruturas de usinas nucleares. Ele tem ampla experi\u00eancia e profundo conhecimento em an\u00e1lise de elementos finitos lineares e n\u00e3o lineares e projeto de sistemas estruturais e de funda\u00e7\u00e3o sujeitos a excita\u00e7\u00f5es est\u00e1ticas e din\u00e2micas, particularmente excita\u00e7\u00f5es s\u00edsmicas, e\u00f3licas e de m\u00e1quinas. Ampla experi\u00eancia profissional em projetos estruturais de concreto armado e estruturas met\u00e1licas na Alemanha, Estados Unidos, Espanha e Am\u00e9rica do Sul, especialmente Argentina, Bol\u00edvia, Peru, Chile, Brasil e Col\u00f4mbia. Ampla experi\u00eancia em projetos de funda\u00e7\u00f5es para m\u00e1quinas de grande porte que abordam a mitiga\u00e7\u00e3o de vibra\u00e7\u00f5es, em recondicionamento estrutural e confiabilidade estrutural, em an\u00e1lise de intera\u00e7\u00e3o din\u00e2mica solo-funda\u00e7\u00e3o-estrutura e no projeto de grandes silos multicelulares.<\/p>\n<p>Sua experi\u00eancia tamb\u00e9m abrange o desenvolvimento de modelos constitutivos precisos para concreto, solos, argamassas e outros materiais estruturais para serem utilizados em an\u00e1lises computacionais n\u00e3o lineares do comportamento estrutural. Publicou 41 artigos de pesquisa em peri\u00f3dicos indexados, 12 artigos em livros indexados e fez mais de 150 apresenta\u00e7\u00f5es em congressos e confer\u00eancias, incluindo 18 como palestrante principal.<\/p>\n\t\t\t\t\t\t\t<img loading=\"lazy\" src=\"https:\/\/saxuming.net\/wp-content\/uploads\/2020\/12\/MG_7945.jpg\" alt=\"_MG_7945\" itemprop=\"image\" height=\"953\" width=\"953\" title=\"_MG_7945\" onerror=\"this.style.display='none'\"  sizes=\"(max-width: 768px) 100vw, 100vw\" srcset=\"data:image\/svg+xml;utf8,&lt;svg%20xmlns=&quot;http:\/\/www.w3.org\/2000\/svg&quot;%20viewBox=&quot;0%200%20953%20953&quot;%20height=&quot;953px&quot;%20width=&quot;953px&quot;\/&gt;\" data-srcset=\"https:\/\/saxuming.net\/wp-content\/uploads\/2020\/12\/MG_7945.jpg 953w, https:\/\/saxuming.net\/wp-content\/uploads\/2020\/12\/MG_7945-300x300.jpg 300w, https:\/\/saxuming.net\/wp-content\/uploads\/2020\/12\/MG_7945-150x150.jpg 150w, https:\/\/saxuming.net\/wp-content\/uploads\/2020\/12\/MG_7945-768x768.jpg 768w, https:\/\/saxuming.net\/wp-content\/uploads\/2020\/12\/MG_7945-700x700.jpg 700w, https:\/\/saxuming.net\/wp-content\/uploads\/2020\/12\/MG_7945-466x466.jpg 466w, https:\/\/saxuming.net\/wp-content\/uploads\/2020\/12\/MG_7945-933x933.jpg 933w, https:\/\/saxuming.net\/wp-content\/uploads\/2020\/12\/MG_7945-350x350.jpg 350w, https:\/\/saxuming.net\/wp-content\/uploads\/2020\/12\/MG_7945-100x100.jpg 100w\" \/>\t\t\t\t\t\t\t\n<h2>\n\tDavid Keough\n\t<\/h2>\n<h2>\n\tDirector No Ejecutivo\n\t<\/h2>\n\t<p>David \u00e9 um experiente executivo de minera\u00e7\u00e3o com mais de 35 anos de pr\u00e1tica na ind\u00fastria de minera\u00e7\u00e3o, incluindo explora\u00e7\u00e3o, engenharia, opera\u00e7\u00f5es de minera\u00e7\u00e3o (a c\u00e9u aberto e subterr\u00e2nea), desenvolvimento corporativo, contrata\u00e7\u00e3o, consultoria, projetos e constru\u00e7\u00e3o. Sua vasta experi\u00eancia em minera\u00e7\u00e3o geogr\u00e1fica e corporativa abrange: Am\u00e9rica Latina, Am\u00e9rica do Norte, Europa, \u00c1frica e \u00c1sia-Pac\u00edfico. Ele tem experi\u00eancia direta em diversas commodities, incluindo metais preciosos, metais b\u00e1sicos, areias minerais e l\u00edtio, e ocupou diversos cargos de CEO em empresas p\u00fablicas e privadas na Austr\u00e1lia e no Canad\u00e1, com ampla experi\u00eancia em comit\u00eas de auditoria do Conselho. comit\u00eas de sustentabilidade e comit\u00eas de remunera\u00e7\u00e3o.<\/p>\n<p>Durante sua carreira de 35 anos, David trabalhou para Placer Dome (Austr\u00e1lia), Minera Alumbrera (Argentina) e passou 6 anos na Goldcorp Inc em fun\u00e7\u00f5es importantes de desenvolvimento corporativo e opera\u00e7\u00f5es em v\u00e1rios pa\u00edses antes de sua nomea\u00e7\u00e3o como Vice-Presidente Executivo e Diretor. Oficial de Opera\u00e7\u00f5es Crocodile Gold. Mais tarde, atuou como CEO e COO da Goldrock Inc, o que possibilitou com sucesso a constru\u00e7\u00e3o do projeto de ouro Lindero (Argentina), que foi posteriormente adquirido pela Fortuna Silver Mines Inc.<\/p>\n<p>David possui bacharelado e p\u00f3s-gradua\u00e7\u00e3o (Economia Mineral) pela James Cook University (Queensland), \u00e9 membro do Australian Institute of Mining and Metallurgy e \u00e9 um profissional credenciado (gest\u00e3o). Ele tamb\u00e9m possui Certificados de Compet\u00eancia de Gerente de Mina de Corte Aberto (Austr\u00e1lia Ocidental).<\/p>\n\t\t\t\t\t\t\t<img loading=\"lazy\" src=\"https:\/\/saxuming.net\/wp-content\/uploads\/2023\/08\/Diseno-sin-titulo-23.jpg\" alt=\"Dise\u00f1o-sin-t\u00edtulo-23\" itemprop=\"image\" height=\"400\" width=\"400\" title=\"Dise\u00f1o-sin-t\u00edtulo-23\" onerror=\"this.style.display='none'\"  sizes=\"(max-width: 768px) 100vw, 100vw\" srcset=\"data:image\/svg+xml;utf8,&lt;svg%20xmlns=&quot;http:\/\/www.w3.org\/2000\/svg&quot;%20viewBox=&quot;0%200%20400%20400&quot;%20height=&quot;400px&quot;%20width=&quot;400px&quot;\/&gt;\" data-srcset=\"https:\/\/saxuming.net\/wp-content\/uploads\/2023\/08\/Diseno-sin-titulo-23.jpg 400w, https:\/\/saxuming.net\/wp-content\/uploads\/2023\/08\/Diseno-sin-titulo-23-300x300.jpg 300w, https:\/\/saxuming.net\/wp-content\/uploads\/2023\/08\/Diseno-sin-titulo-23-150x150.jpg 150w, https:\/\/saxuming.net\/wp-content\/uploads\/2023\/08\/Diseno-sin-titulo-23-350x350.jpg 350w, https:\/\/saxuming.net\/wp-content\/uploads\/2023\/08\/Diseno-sin-titulo-23-100x100.jpg 100w\" \/>\t\t\t\t\t\t\t\n<h2>\n\tJos\u00e9 Mar\u00fan\n\t<\/h2>\n<h2>\n\tDirector No Ejecutivo\n\t<\/h2>\n\t<p>Jos\u00e9 ingressou no conselho de administra\u00e7\u00e3o da SAXUM Engineered Solutions em 2021 como Diretor N\u00e3o Executivo e em rela\u00e7\u00e3o \u00e0s opera\u00e7\u00f5es desta empresa globalmente. \u00c9 Engenheiro de Minas, formado pela Universidade Nacional de San Juan, Argentina, com mais de 38 anos de experi\u00eancia em opera\u00e7\u00f5es de minera\u00e7\u00e3o de cobre e ouro. Concluiu uma especializa\u00e7\u00e3o em neg\u00f3cios internacionais no Global Business Consortium da London Business School. Foi gerente de opera\u00e7\u00f5es da Mina Ernest Henry, na Austr\u00e1lia (2001-2004), e gerente de opera\u00e7\u00f5es da Minera Alumbrera na Argentina (2005-2006). Foi Gerente Geral da Xstrata Tintaya e Vice-Presidente Executivo das opera\u00e7\u00f5es sul-americanas da Xstrata Copper, para Peru, Chile e Argentina. Entre 2007 e 2010 tamb\u00e9m foi membro do comit\u00ea consultivo de parceiros da Antamina. Al\u00e9m disso, foi Gerente Geral Executivo de Opera\u00e7\u00f5es para Argentina e Chile na Glencore (2013-2015). De 2015 a junho de 2018 foi Gerente Geral e Presidente Executivo da Komatsu Mitsui Maquinarias del Per\u00fa SA. Atualmente tamb\u00e9m \u00e9 Diretor N\u00e3o-Executivo desta empresa, bem como Diretor da San Ignacio de Morococha SA, do Peru.<\/p>\n\t\t\t\t\t\t\t<img loading=\"lazy\" src=\"https:\/\/saxuming.net\/wp-content\/uploads\/2023\/08\/RAUL-contador-1.jpeg\" alt=\"RAUL (contador)\" itemprop=\"image\" height=\"1985\" width=\"1985\" title=\"RAUL (contador)\" onerror=\"this.style.display='none'\"  sizes=\"(max-width: 768px) 100vw, 100vw\" srcset=\"data:image\/svg+xml;utf8,&lt;svg%20xmlns=&quot;http:\/\/www.w3.org\/2000\/svg&quot;%20viewBox=&quot;0%200%201985%201985&quot;%20height=&quot;1985px&quot;%20width=&quot;1985px&quot;\/&gt;\" data-srcset=\"https:\/\/saxuming.net\/wp-content\/uploads\/2023\/08\/RAUL-contador-1.jpeg 1985w, https:\/\/saxuming.net\/wp-content\/uploads\/2023\/08\/RAUL-contador-1-300x300.jpeg 300w, https:\/\/saxuming.net\/wp-content\/uploads\/2023\/08\/RAUL-contador-1-1024x1024.jpeg 1024w, https:\/\/saxuming.net\/wp-content\/uploads\/2023\/08\/RAUL-contador-1-150x150.jpeg 150w, https:\/\/saxuming.net\/wp-content\/uploads\/2023\/08\/RAUL-contador-1-1536x1536.jpeg 1536w, https:\/\/saxuming.net\/wp-content\/uploads\/2023\/08\/RAUL-contador-1-1400x1400.jpeg 1400w, https:\/\/saxuming.net\/wp-content\/uploads\/2023\/08\/RAUL-contador-1-700x700.jpeg 700w, https:\/\/saxuming.net\/wp-content\/uploads\/2023\/08\/RAUL-contador-1-466x466.jpeg 466w, https:\/\/saxuming.net\/wp-content\/uploads\/2023\/08\/RAUL-contador-1-933x933.jpeg 933w, https:\/\/saxuming.net\/wp-content\/uploads\/2023\/08\/RAUL-contador-1-350x350.jpeg 350w, https:\/\/saxuming.net\/wp-content\/uploads\/2023\/08\/RAUL-contador-1-100x100.jpeg 100w\" \/>\t\t\t\t\t\t\t\n<h2>\n\tRa\u00fal Napadensky\n\t<\/h2>\n<h2>\n\tDirector No Ejecutivo\n\t<\/h2>\n\tRa\u00fal \u00e9 um profissional de grande prest\u00edgio e reconhecimento nos neg\u00f3cios e \u00e9 especialista em s\u00f3lidas \u00e1reas tribut\u00e1ria e financeira. \u00c9 Contador P\u00fablico Nacional formado pela Universidade Nacional de Tucum\u00e1n, Argentina, em 1982. Concluiu diversas p\u00f3s-gradua\u00e7\u00f5es em disciplinas como Auditoria, Finan\u00e7as, Administra\u00e7\u00e3o de Empresas, etc.<br \/>\nIniciou sua carreira profissional como Contador Associado em um escrit\u00f3rio de contabilidade e, ap\u00f3s alguns anos, fundou o seu pr\u00f3prio. Durante sua carreira de mais de 40 anos como profissional, atuou como Auditor e Consultor de Contabilidade Fiscal em diversos escrit\u00f3rios.<br \/>\nIngressou na SAXUM em 2020, primeiro como Auditor e Consultor de Contabilidade Fiscal, passando depois tamb\u00e9m a fazer parte do Conselho de Administra\u00e7\u00e3o. Ele \u00e9 respons\u00e1vel pela revis\u00e3o e controle dos procedimentos administrativos, cont\u00e1beis, trabalhistas e fiscais do escrit\u00f3rio. \u00c9 consultor permanente de todas as \u00e1reas administrativas da empresa.\n\t\t\t\t\t\t\t<img loading=\"lazy\" src=\"https:\/\/saxuming.net\/wp-content\/uploads\/2020\/12\/MG_9320.jpg\" alt=\"_MG_9320\" itemprop=\"image\" height=\"1244\" width=\"1244\" title=\"_MG_9320\" onerror=\"this.style.display='none'\"  sizes=\"(max-width: 768px) 100vw, 100vw\" srcset=\"data:image\/svg+xml;utf8,&lt;svg%20xmlns=&quot;http:\/\/www.w3.org\/2000\/svg&quot;%20viewBox=&quot;0%200%201244%201244&quot;%20height=&quot;1244px&quot;%20width=&quot;1244px&quot;\/&gt;\" data-srcset=\"https:\/\/saxuming.net\/wp-content\/uploads\/2020\/12\/MG_9320.jpg 1244w, https:\/\/saxuming.net\/wp-content\/uploads\/2020\/12\/MG_9320-300x300.jpg 300w, https:\/\/saxuming.net\/wp-content\/uploads\/2020\/12\/MG_9320-1024x1024.jpg 1024w, https:\/\/saxuming.net\/wp-content\/uploads\/2020\/12\/MG_9320-150x150.jpg 150w, https:\/\/saxuming.net\/wp-content\/uploads\/2020\/12\/MG_9320-768x768.jpg 768w, https:\/\/saxuming.net\/wp-content\/uploads\/2020\/12\/MG_9320-700x700.jpg 700w, https:\/\/saxuming.net\/wp-content\/uploads\/2020\/12\/MG_9320-466x466.jpg 466w, https:\/\/saxuming.net\/wp-content\/uploads\/2020\/12\/MG_9320-933x933.jpg 933w, https:\/\/saxuming.net\/wp-content\/uploads\/2020\/12\/MG_9320-350x350.jpg 350w, https:\/\/saxuming.net\/wp-content\/uploads\/2020\/12\/MG_9320-100x100.jpg 100w\" \/>\t\t\t\t\t\t\t\n<h2>\n\tN\u00e9stor Lares\n\t<\/h2>\n<h2>\n\tCOO\n\t<\/h2>\n\t<p>N\u00e9stor \u00e9 Engenheiro Industrial e Gerente de Projetos com forte perfil de lideran\u00e7a, focado no desenvolvimento de projetos e opera\u00e7\u00f5es dentro do or\u00e7amento e prazo. Experi\u00eancia trabalhando com projetos na Argentina, Brasil, M\u00e9xico e R\u00fassia. Experi\u00eancia de sucesso no gerenciamento de projetos industriais e de engenharia, em ambientes de alta exig\u00eancia. Experi\u00eancia trabalhando com equipes de profissionais multiculturais, multidisciplinares e interempresariais. \u00d3tima capacidade de organiza\u00e7\u00e3o, planejamento e negocia\u00e7\u00e3o. Experi\u00eancia na execu\u00e7\u00e3o de projetos de campo, opera\u00e7\u00f5es de campo e projetos de engenharia.<\/p>\n<p>N\u00e9stor foi Gerente Geral do Projeto Lindero EPCM. Fiquei encarregado do seguinte:<\/p>\n<ul>\n<li>Coordena\u00e7\u00e3o do desenvolvimento da Engenharia de Detalhe para a constru\u00e7\u00e3o de todo o projeto incluindo Civil, Estrutural, Mec\u00e2nica, Tubula\u00e7\u00e3o, El\u00e9trica e Instrumenta\u00e7\u00e3o e Arquitetura para todas as \u00e1reas da planta, excluindo a mina e estradas associadas.<\/li>\n<li>Coordena\u00e7\u00e3o dos servi\u00e7os de Procurement do projeto para desenvolvimento das especifica\u00e7\u00f5es, processo de licita\u00e7\u00e3o e compra de todos os equipamentos e servi\u00e7os necess\u00e1rios para conclus\u00e3o da constru\u00e7\u00e3o, comissionamento e comissionamento da planta.<\/li>\n<li>Coordena\u00e7\u00e3o dos servi\u00e7os de Gest\u00e3o de Obra de todo o projeto nas diferentes etapas com o objetivo de garantir, atrav\u00e9s de um acompanhamento pr\u00f3ximo, a coordena\u00e7\u00e3o e correta execu\u00e7\u00e3o do plano de acordo com o Programa Master, CAPEX e atualiza\u00e7\u00f5es. A \u00eanfase foi colocada no cumprimento das especifica\u00e7\u00f5es t\u00e9cnicas desenvolvidas ao longo das fases de engenharia com rigorosos sistemas de medi\u00e7\u00e3o e controle de qualidade.<\/li>\n<\/ul>\n\t\t\t\t\t\t\t<img loading=\"lazy\" src=\"https:\/\/saxuming.net\/wp-content\/uploads\/2020\/12\/MG_7935.jpg\" alt=\"_MG_7935\" itemprop=\"image\" height=\"1231\" width=\"1231\" title=\"_MG_7935\" onerror=\"this.style.display='none'\"  sizes=\"(max-width: 768px) 100vw, 100vw\" srcset=\"data:image\/svg+xml;utf8,&lt;svg%20xmlns=&quot;http:\/\/www.w3.org\/2000\/svg&quot;%20viewBox=&quot;0%200%201231%201231&quot;%20height=&quot;1231px&quot;%20width=&quot;1231px&quot;\/&gt;\" data-srcset=\"https:\/\/saxuming.net\/wp-content\/uploads\/2020\/12\/MG_7935.jpg 1231w, https:\/\/saxuming.net\/wp-content\/uploads\/2020\/12\/MG_7935-300x300.jpg 300w, https:\/\/saxuming.net\/wp-content\/uploads\/2020\/12\/MG_7935-1024x1024.jpg 1024w, https:\/\/saxuming.net\/wp-content\/uploads\/2020\/12\/MG_7935-150x150.jpg 150w, https:\/\/saxuming.net\/wp-content\/uploads\/2020\/12\/MG_7935-768x768.jpg 768w, https:\/\/saxuming.net\/wp-content\/uploads\/2020\/12\/MG_7935-700x700.jpg 700w, https:\/\/saxuming.net\/wp-content\/uploads\/2020\/12\/MG_7935-466x466.jpg 466w, https:\/\/saxuming.net\/wp-content\/uploads\/2020\/12\/MG_7935-933x933.jpg 933w, https:\/\/saxuming.net\/wp-content\/uploads\/2020\/12\/MG_7935-350x350.jpg 350w, https:\/\/saxuming.net\/wp-content\/uploads\/2020\/12\/MG_7935-100x100.jpg 100w\" \/>\t\t\t\t\t\t\t\n<h2>\n\tPablo Dawidowicz\n\t<\/h2>\n<h2>\n\tCFO\n\t<\/h2>\n\t<p>Pablo \u00e9 Contador P\u00fablico formado pela Universidade Nacional de Tucum\u00e1n, Argentina, onde tamb\u00e9m fez p\u00f3s-gradua\u00e7\u00e3o em Administra\u00e7\u00e3o de Empresas. Possui ampla experi\u00eancia em avalia\u00e7\u00f5es financeiras e viabilidade de projetos, principalmente em empresas relacionadas a neg\u00f3cios de engenharia e gest\u00e3o de constru\u00e7\u00e3o.<\/p>\n<p>Na SAXUM tamb\u00e9m \u00e9 respons\u00e1vel pelo controle, an\u00e1lise e monitoramento dos custos dos projetos. Pablo trabalha na SAXUM h\u00e1 mais de 12 anos. Suas responsabilidades abrangem m\u00faltiplas atividades, incluindo o controle financeiro e tribut\u00e1rio de todas as empresas SAXUM na Argentina, no Brasil e nos EUA, bem como seus saldos entre empresas. Para o efeito, gere as diferentes sociedades fiscais SAXUM nos pa\u00edses das nossas subsidi\u00e1rias. Tamb\u00e9m monitoriza os certificados mensais emitidos por todos os gestores de projetos SAXUM nas nossas diferentes subsidi\u00e1rias.<\/p>\n\t\t\t\t\t\t\t<img loading=\"lazy\" src=\"https:\/\/saxuming.net\/wp-content\/uploads\/2023\/08\/jared.jpg\" alt=\"jared\" itemprop=\"image\" height=\"427\" width=\"382\" title=\"jared\" onerror=\"this.style.display='none'\"  sizes=\"(max-width: 768px) 100vw, 100vw\" srcset=\"data:image\/svg+xml;utf8,&lt;svg%20xmlns=&quot;http:\/\/www.w3.org\/2000\/svg&quot;%20viewBox=&quot;0%200%20382%20427&quot;%20height=&quot;427px&quot;%20width=&quot;382px&quot;\/&gt;\" data-srcset=\"https:\/\/saxuming.net\/wp-content\/uploads\/2023\/08\/jared.jpg 382w, https:\/\/saxuming.net\/wp-content\/uploads\/2023\/08\/jared-268x300.jpg 268w, https:\/\/saxuming.net\/wp-content\/uploads\/2023\/08\/jared-350x391.jpg 350w\" \/>\t\t\t\t\t\t\t\n<h2>\n\tJared Weston\n\t<\/h2>\n<h2>\n\tGerente Geral NA e VP de Planejamento Estrat\u00e9gico\n\t<\/h2>\n\t<p>Jared \u00e9 bacharel em Engenharia Industrial e de Manufatura pela Pennsylvania State University com foco em Engenharia Econ\u00f4mica e tem mais de 17 anos de experi\u00eancia nas ind\u00fastrias de cimento e minera\u00e7\u00e3o. As principais compet\u00eancias de Jared incluem o desenvolvimento e a venda de solu\u00e7\u00f5es personalizadas para projetos CapEx, a lideran\u00e7a de equipes multifuncionais e internacionais e a incorpora\u00e7\u00e3o de tecnologia moderna e sustent\u00e1vel nas f\u00e1bricas existentes.<\/p>\n\t\t\t\t\t\t\t<img loading=\"lazy\" src=\"https:\/\/saxuming.net\/wp-content\/uploads\/2024\/05\/RICARDO.jpg\" alt=\"RICARDO\" itemprop=\"image\" height=\"860\" width=\"860\" title=\"RICARDO\" onerror=\"this.style.display='none'\"  sizes=\"(max-width: 768px) 100vw, 100vw\" srcset=\"data:image\/svg+xml;utf8,&lt;svg%20xmlns=&quot;http:\/\/www.w3.org\/2000\/svg&quot;%20viewBox=&quot;0%200%20860%20860&quot;%20height=&quot;860px&quot;%20width=&quot;860px&quot;\/&gt;\" data-srcset=\"https:\/\/saxuming.net\/wp-content\/uploads\/2024\/05\/RICARDO.jpg 860w, https:\/\/saxuming.net\/wp-content\/uploads\/2024\/05\/RICARDO-300x300.jpg 300w, https:\/\/saxuming.net\/wp-content\/uploads\/2024\/05\/RICARDO-150x150.jpg 150w, https:\/\/saxuming.net\/wp-content\/uploads\/2024\/05\/RICARDO-700x700.jpg 700w, https:\/\/saxuming.net\/wp-content\/uploads\/2024\/05\/RICARDO-466x466.jpg 466w, https:\/\/saxuming.net\/wp-content\/uploads\/2024\/05\/RICARDO-350x350.jpg 350w, https:\/\/saxuming.net\/wp-content\/uploads\/2024\/05\/RICARDO-100x100.jpg 100w\" \/>\t\t\t\t\t\t\t\n<h2>\n\tRicardo Rodriguez\n\t<\/h2>\n<h2>\n\tGerente de Recursos Humanos\n\t<\/h2>\n\t<p>Ricardo \u00e9 Profissional S\u00eanior em Rela\u00e7\u00f5es Humanas no Mundo do Trabalho e Sustentabilidade Organizacional; Lic. em Rela\u00e7\u00f5es do Trabalho &#8211; Advogado e Mestre em Antropologia. Coach Ontol\u00f3gico (Associa\u00e7\u00e3o Internacional de Coaching Ontol\u00f3gico) &#8211; Certifica\u00e7\u00e3o Internacional em \u00c9tica e Compliance e Membro da Associa\u00e7\u00e3o Argentina de \u00c9tica e Compliance e da Associa\u00e7\u00e3o Argentina de T\u00e9cnicos e Graduados em Recursos Humanos da Argentina. Professor Universit\u00e1rio e Membro da Organiza\u00e7\u00e3o Internacional de Gestores de Capital Humano. Autor do livro: &#8220;Rela\u00e7\u00f5es de Trabalho Sustent\u00e1veis, Um Modelo Antropol\u00f3gico SXXI&#8221;<\/p>\n<p>Ricardo ingressou na equipe como Gerente de Recursos Humanos, reportando-se ao CEO e possui vasta experi\u00eancia em processos industriais cont\u00ednuos (aliment\u00edcio e minera\u00e7\u00e3o). \u00c1reas de projetos de constru\u00e7\u00e3o e opera\u00e7\u00f5es de minera\u00e7\u00e3o em posi\u00e7\u00f5es locais, regionais e corporativas na Am\u00e9rica Latina, como Argentina, Chile, Peru, Col\u00f4mbia e Brasil. Tem o desafio de desenvolver a Estrat\u00e9gia de Recursos Humanos e a sua implementa\u00e7\u00e3o nas nossas equipas numa perspetiva hol\u00edstica e integradora focada no desenvolvimento das pessoas e no apoio \u00e0 estrat\u00e9gia de neg\u00f3cio da SAXUM.<\/p>\n\t\t\t\t\t\t\t<img loading=\"lazy\" src=\"https:\/\/saxuming.net\/wp-content\/uploads\/2021\/11\/coni-copia.jpg\" alt=\"coni - copia\" itemprop=\"image\" height=\"712\" width=\"712\" title=\"coni - copia\" onerror=\"this.style.display='none'\"  sizes=\"(max-width: 768px) 100vw, 100vw\" srcset=\"data:image\/svg+xml;utf8,&lt;svg%20xmlns=&quot;http:\/\/www.w3.org\/2000\/svg&quot;%20viewBox=&quot;0%200%20712%20712&quot;%20height=&quot;712px&quot;%20width=&quot;712px&quot;\/&gt;\" data-srcset=\"https:\/\/saxuming.net\/wp-content\/uploads\/2021\/11\/coni-copia.jpg 712w, https:\/\/saxuming.net\/wp-content\/uploads\/2021\/11\/coni-copia-300x300.jpg 300w, https:\/\/saxuming.net\/wp-content\/uploads\/2021\/11\/coni-copia-150x150.jpg 150w, https:\/\/saxuming.net\/wp-content\/uploads\/2021\/11\/coni-copia-700x700.jpg 700w, https:\/\/saxuming.net\/wp-content\/uploads\/2021\/11\/coni-copia-466x466.jpg 466w, https:\/\/saxuming.net\/wp-content\/uploads\/2021\/11\/coni-copia-350x350.jpg 350w, https:\/\/saxuming.net\/wp-content\/uploads\/2021\/11\/coni-copia-100x100.jpg 100w\" \/>\t\t\t\t\t\t\t\n<h2>\n\tConstanza Unzaga\n\t<\/h2>\n<h2>\n\tGerente Comercial\n\t<\/h2>\n\t<p>Constanza \u00e9 Engenheira Industrial pela Universidade Nacional de Tucum\u00e1n, Argentina, tamb\u00e9m possui mestrado em Engenharia e gradua\u00e7\u00e3o em Gerenciamento de Projetos obtida na Hochschule Biberach na Alemanha.<\/p>\n<p>Na SAXUM \u00e9 respons\u00e1vel pelo Desenvolvimento Comercial e de Neg\u00f3cios, \u00e9 respons\u00e1vel pela coordena\u00e7\u00e3o de todas as a\u00e7\u00f5es comerciais realizadas na SAXUM, incluindo cada uma das empresas SAXUM na Argentina, Brasil e EUA. Al\u00e9m disso, possui ampla experi\u00eancia trabalhando com equipes multiculturais, multidisciplinares e interempresariais de profissionais para gerenciamento de projetos de engenharia e constru\u00e7\u00e3o. Constanza possui excelentes habilidades de comunica\u00e7\u00e3o e um forte perfil de lideran\u00e7a e trabalho em equipe.<\/p>\n\t\t\t\t\t\t\t<img loading=\"lazy\" src=\"https:\/\/saxuming.net\/wp-content\/uploads\/2025\/05\/Mel-scaled.jpg\" alt=\"Mel\" itemprop=\"image\" height=\"2560\" width=\"2547\" title=\"Mel\" onerror=\"this.style.display='none'\"  sizes=\"(max-width: 768px) 100vw, 100vw\" srcset=\"data:image\/svg+xml;utf8,&lt;svg%20xmlns=&quot;http:\/\/www.w3.org\/2000\/svg&quot;%20viewBox=&quot;0%200%202547%202560&quot;%20height=&quot;2560px&quot;%20width=&quot;2547px&quot;\/&gt;\" data-srcset=\"https:\/\/saxuming.net\/wp-content\/uploads\/2025\/05\/Mel-scaled.jpg 2547w, https:\/\/saxuming.net\/wp-content\/uploads\/2025\/05\/Mel-298x300.jpg 298w, https:\/\/saxuming.net\/wp-content\/uploads\/2025\/05\/Mel-1019x1024.jpg 1019w, https:\/\/saxuming.net\/wp-content\/uploads\/2025\/05\/Mel-150x150.jpg 150w, https:\/\/saxuming.net\/wp-content\/uploads\/2025\/05\/Mel-1528x1536.jpg 1528w, https:\/\/saxuming.net\/wp-content\/uploads\/2025\/05\/Mel-2038x2048.jpg 2038w, https:\/\/saxuming.net\/wp-content\/uploads\/2025\/05\/Mel-1400x1407.jpg 1400w, https:\/\/saxuming.net\/wp-content\/uploads\/2025\/05\/Mel-700x704.jpg 700w, https:\/\/saxuming.net\/wp-content\/uploads\/2025\/05\/Mel-466x468.jpg 466w, https:\/\/saxuming.net\/wp-content\/uploads\/2025\/05\/Mel-933x938.jpg 933w, https:\/\/saxuming.net\/wp-content\/uploads\/2025\/05\/Mel-350x352.jpg 350w, https:\/\/saxuming.net\/wp-content\/uploads\/2025\/05\/Mel-100x100.jpg 100w\" \/>\t\t\t\t\t\t\t\n<h2>\n\tMelanie Etse\n\t<\/h2>\n<h2>\n\tGerente da Austr\u00e1lia &amp; Gerente de Marketing\n\t<\/h2>\n\tMelanie possui uma s\u00f3lida forma\u00e7\u00e3o em marketing, comunica\u00e7\u00e3o e desenvolvimento de neg\u00f3cios. \u00c9 Designer Gr\u00e1fica formada pela Universidad del Santo Tom\u00e1s de Aquino e tem Mestrado em Marketing e Comunica\u00e7\u00e3o pela Universidad de Palermo, em Buenos Aires.\nAtualmente, est\u00e1 baseada em Perth, onde lidera as opera\u00e7\u00f5es da SAXUM na Austr\u00e1lia. Como Gerente da Austr\u00e1lia, \u00e9 respons\u00e1vel pelo desenvolvimento comercial e pelo relacionamento com clientes em todo o pa\u00eds. Tamb\u00e9m atua como Gerente de Marketing, liderando iniciativas estrat\u00e9gicas de comunica\u00e7\u00e3o e posicionamento da marca a n\u00edvel global. Seu trabalho est\u00e1 focado em expandir a presen\u00e7a da SAXUM e impulsionar o crescimento de projetos nos setores de Minera\u00e7\u00e3o, Processamento de Minerais, Cimento e Cal na regi\u00e3o da \u00c1sia-Pac\u00edfico (APAC).\n\t\t\t\t\t\t\t<img loading=\"lazy\" src=\"https:\/\/saxuming.net\/wp-content\/uploads\/2022\/07\/Saxum-8-1.jpg\" alt=\"Saxum-8\" itemprop=\"image\" height=\"1600\" width=\"1600\" title=\"Saxum-8\" onerror=\"this.style.display='none'\"  sizes=\"(max-width: 768px) 100vw, 100vw\" srcset=\"data:image\/svg+xml;utf8,&lt;svg%20xmlns=&quot;http:\/\/www.w3.org\/2000\/svg&quot;%20viewBox=&quot;0%200%201600%201600&quot;%20height=&quot;1600px&quot;%20width=&quot;1600px&quot;\/&gt;\" data-srcset=\"https:\/\/saxuming.net\/wp-content\/uploads\/2022\/07\/Saxum-8-1.jpg 1600w, https:\/\/saxuming.net\/wp-content\/uploads\/2022\/07\/Saxum-8-1-300x300.jpg 300w, https:\/\/saxuming.net\/wp-content\/uploads\/2022\/07\/Saxum-8-1-1024x1024.jpg 1024w, https:\/\/saxuming.net\/wp-content\/uploads\/2022\/07\/Saxum-8-1-150x150.jpg 150w, https:\/\/saxuming.net\/wp-content\/uploads\/2022\/07\/Saxum-8-1-1536x1536.jpg 1536w, https:\/\/saxuming.net\/wp-content\/uploads\/2022\/07\/Saxum-8-1-1400x1400.jpg 1400w, https:\/\/saxuming.net\/wp-content\/uploads\/2022\/07\/Saxum-8-1-700x700.jpg 700w, https:\/\/saxuming.net\/wp-content\/uploads\/2022\/07\/Saxum-8-1-466x466.jpg 466w, https:\/\/saxuming.net\/wp-content\/uploads\/2022\/07\/Saxum-8-1-933x933.jpg 933w, https:\/\/saxuming.net\/wp-content\/uploads\/2022\/07\/Saxum-8-1-350x350.jpg 350w, https:\/\/saxuming.net\/wp-content\/uploads\/2022\/07\/Saxum-8-1-100x100.jpg 100w\" \/>\t\t\t\t\t\t\t\n<h2>\n\tRub\u00e9n Tomassini\n\t<\/h2>\n<h2>\n\tGerente Senior de Ingenier\u00eda y Proyectos\n\t<\/h2>\n\t<p>Ampla experi\u00eancia e experi\u00eancia comprovada na Gest\u00e3o, Planejamento, Programa\u00e7\u00e3o e Controle de projetos de engenharia para instala\u00e7\u00f5es industriais em todas as diferentes fases, incluindo viabilidade, engenharia conceitual, b\u00e1sica, detalhada e solicita\u00e7\u00e3o de aux\u00edlio de informa\u00e7\u00f5es durante as fases de constru\u00e7\u00e3o\/montagem. Profundo conhecimento das complexidades envolvidas na coordena\u00e7\u00e3o de equipes multidisciplinares para o desenvolvimento de projetos de engenharia para instala\u00e7\u00f5es industriais. Experi\u00eancia na implementa\u00e7\u00e3o e monitoramento de procedimentos de controle de qualidade para projetos de engenharia. Forte orienta\u00e7\u00e3o para procedimentos, c\u00f3digos, especifica\u00e7\u00f5es e crit\u00e9rios de projeto, bem como solu\u00e7\u00f5es de engenharia econ\u00f4micas e de valor. Forte foco no monitoramento dos termos contratuais em termos de escopos de engenharia, crit\u00e9rios de projeto, especifica\u00e7\u00f5es, cronograma e qualidade. Capacidades comprovadas para desenvolver e fornecer an\u00e1lises de compromisso, estudos de defini\u00e7\u00e3o de escopo, estudos de pr\u00e9-viabilidade e viabilidade em projetos de minera\u00e7\u00e3o e infraestrutura.<\/p>\n\t\t\t\t\t\t\t<img loading=\"lazy\" src=\"https:\/\/saxuming.net\/wp-content\/uploads\/2026\/01\/Diego-Mentz2.png\" alt=\"Diego Mentz2\" itemprop=\"image\" height=\"1792\" width=\"1792\" title=\"Diego Mentz2\" onerror=\"this.style.display='none'\"  sizes=\"(max-width: 768px) 100vw, 100vw\" srcset=\"data:image\/svg+xml;utf8,&lt;svg%20xmlns=&quot;http:\/\/www.w3.org\/2000\/svg&quot;%20viewBox=&quot;0%200%201792%201792&quot;%20height=&quot;1792px&quot;%20width=&quot;1792px&quot;\/&gt;\" data-srcset=\"https:\/\/saxuming.net\/wp-content\/uploads\/2026\/01\/Diego-Mentz2.png 1792w, https:\/\/saxuming.net\/wp-content\/uploads\/2026\/01\/Diego-Mentz2-300x300.png 300w, https:\/\/saxuming.net\/wp-content\/uploads\/2026\/01\/Diego-Mentz2-1024x1024.png 1024w, https:\/\/saxuming.net\/wp-content\/uploads\/2026\/01\/Diego-Mentz2-150x150.png 150w, https:\/\/saxuming.net\/wp-content\/uploads\/2026\/01\/Diego-Mentz2-1536x1536.png 1536w, https:\/\/saxuming.net\/wp-content\/uploads\/2026\/01\/Diego-Mentz2-1400x1400.png 1400w, https:\/\/saxuming.net\/wp-content\/uploads\/2026\/01\/Diego-Mentz2-700x700.png 700w, https:\/\/saxuming.net\/wp-content\/uploads\/2026\/01\/Diego-Mentz2-466x466.png 466w, https:\/\/saxuming.net\/wp-content\/uploads\/2026\/01\/Diego-Mentz2-933x933.png 933w, https:\/\/saxuming.net\/wp-content\/uploads\/2026\/01\/Diego-Mentz2-350x350.png 350w, https:\/\/saxuming.net\/wp-content\/uploads\/2026\/01\/Diego-Mentz2-100x100.png 100w\" \/>\t\t\t\t\t\t\t\n<h2>\n\tDiego Mentz\n\t<\/h2>\n<h2>\n\tDesarrollo de Negocios LATAM\n\t<\/h2>\n\tDesde 2014, ha construido una carrera diversa y s\u00f3lida en sectores como la construcci\u00f3n, la tecnolog\u00eda agr\u00edcola, la arquitectura y la industria alimentaria. Su trayectoria comenz\u00f3 en una empresa constructora especializada en prefabricados de hormig\u00f3n, donde fue responsable del dise\u00f1o de planos y la gesti\u00f3n de la planta de fabricaci\u00f3n. Posteriormente, lanz\u00f3 proyectos comerciales relacionados con el uso de drones en el sector agr\u00edcola, explorando soluciones tecnol\u00f3gicas para el mercado local.\nEn 2019, se incorpor\u00f3 a un estudio de arquitectura y empresa constructora, desempe\u00f1ando roles clave en dise\u00f1o, gesti\u00f3n de proyectos y coordinaci\u00f3n general.\nA partir de 2023, asumi\u00f3 el cargo de Gerente Comercial y de Desarrollo de Negocios en una empresa del sector alimentario con sede en Tucum\u00e1n y presencia a nivel nacional. A lo largo de su carrera, ha fortalecido sus habilidades en la identificaci\u00f3n de oportunidades de negocio, el dise\u00f1o de estrategias comerciales y la expansi\u00f3n de operaciones en entornos altamente competitivos. Su perfil combina visi\u00f3n estrat\u00e9gica, liderazgo y una fuerte orientaci\u00f3n a resultados.\n\t\t\t\t\t\t\t<img loading=\"lazy\" src=\"https:\/\/saxuming.net\/wp-content\/uploads\/2023\/08\/GAL05721.jpg\" alt=\"GAL05721\" itemprop=\"image\" height=\"1663\" width=\"1663\" title=\"GAL05721\" onerror=\"this.style.display='none'\"  sizes=\"(max-width: 768px) 100vw, 100vw\" srcset=\"data:image\/svg+xml;utf8,&lt;svg%20xmlns=&quot;http:\/\/www.w3.org\/2000\/svg&quot;%20viewBox=&quot;0%200%201663%201663&quot;%20height=&quot;1663px&quot;%20width=&quot;1663px&quot;\/&gt;\" data-srcset=\"https:\/\/saxuming.net\/wp-content\/uploads\/2023\/08\/GAL05721.jpg 1663w, https:\/\/saxuming.net\/wp-content\/uploads\/2023\/08\/GAL05721-300x300.jpg 300w, https:\/\/saxuming.net\/wp-content\/uploads\/2023\/08\/GAL05721-1024x1024.jpg 1024w, https:\/\/saxuming.net\/wp-content\/uploads\/2023\/08\/GAL05721-150x150.jpg 150w, https:\/\/saxuming.net\/wp-content\/uploads\/2023\/08\/GAL05721-1536x1536.jpg 1536w, https:\/\/saxuming.net\/wp-content\/uploads\/2023\/08\/GAL05721-1400x1400.jpg 1400w, https:\/\/saxuming.net\/wp-content\/uploads\/2023\/08\/GAL05721-700x700.jpg 700w, https:\/\/saxuming.net\/wp-content\/uploads\/2023\/08\/GAL05721-466x466.jpg 466w, https:\/\/saxuming.net\/wp-content\/uploads\/2023\/08\/GAL05721-933x933.jpg 933w, https:\/\/saxuming.net\/wp-content\/uploads\/2023\/08\/GAL05721-350x350.jpg 350w, https:\/\/saxuming.net\/wp-content\/uploads\/2023\/08\/GAL05721-100x100.jpg 100w\" \/>\t\t\t\t\t\t\t\n<h2>\n\tFacundo Zavaleta\n\t<\/h2>\n<h2>\n\tResponsable Comercial\n\t<\/h2>\n\t<p>Facundo \u00e9 engenheiro industrial bil\u00edngue, formado pela Universidade Nacional de Tucum\u00e1n, com excelente dom\u00ednio da l\u00edngua inglesa. Ao longo de sua trajet\u00f3ria profissional desenvolveu suas habilidades de negocia\u00e7\u00e3o e adapta\u00e7\u00e3o para alcan\u00e7ar grandes conquistas comerciais.<\/p>\n<p>Na SAXUM, Facundo \u00e9 o gestor da \u00e1rea comercial, elogiado pela sua grande capacidade de an\u00e1lise e vis\u00e3o estrat\u00e9gica do neg\u00f3cio. O seu carisma e conhecimento t\u00e9cnico catapultaram-no para desenvolver ao m\u00e1ximo o seu potencial, proporcionando qualidade e prest\u00edgio em cada objetivo proposto pela SAXUM.<\/p>\n\t\t\t\t\t\t\t<img loading=\"lazy\" src=\"https:\/\/saxuming.net\/wp-content\/uploads\/2023\/09\/david.jpeg\" alt=\"david\" itemprop=\"image\" height=\"450\" width=\"450\" title=\"david\" onerror=\"this.style.display='none'\"  sizes=\"(max-width: 768px) 100vw, 100vw\" srcset=\"data:image\/svg+xml;utf8,&lt;svg%20xmlns=&quot;http:\/\/www.w3.org\/2000\/svg&quot;%20viewBox=&quot;0%200%20450%20450&quot;%20height=&quot;450px&quot;%20width=&quot;450px&quot;\/&gt;\" data-srcset=\"https:\/\/saxuming.net\/wp-content\/uploads\/2023\/09\/david.jpeg 450w, https:\/\/saxuming.net\/wp-content\/uploads\/2023\/09\/david-300x300.jpeg 300w, https:\/\/saxuming.net\/wp-content\/uploads\/2023\/09\/david-150x150.jpeg 150w, https:\/\/saxuming.net\/wp-content\/uploads\/2023\/09\/david-350x350.jpeg 350w, https:\/\/saxuming.net\/wp-content\/uploads\/2023\/09\/david-100x100.jpeg 100w\" \/>\t\t\t\t\t\t\t\n<h2>\n\tDavid Magee\n\t<\/h2>\n<h2>\n\tProject Engineer &#8211; Australia\n\t<\/h2>\n\t<p>David \u00e9 engenheiro qu\u00edmico formado pela Curtin University, na Austr\u00e1lia Ocidental, com mais de 10 anos de experi\u00eancia na ind\u00fastria de processamento mineral, tanto em projeto quanto em opera\u00e7\u00f5es de diversos produtos diferentes. Ele faz parte da equipe comercial na Austr\u00e1lia, baseada em nossos escrit\u00f3rios em Perth. Ele traz experi\u00eancia comercial adicional para sua fun\u00e7\u00e3o e se concentra no desenvolvimento e entrega de projetos SAXUM na Austr\u00e1lia.<\/p>\n\t\t\t\t\t\t\t<img loading=\"lazy\" src=\"https:\/\/saxuming.net\/wp-content\/uploads\/2023\/09\/GAL05847.jpg\" alt=\"GAL05847\" itemprop=\"image\" height=\"1663\" width=\"1663\" title=\"GAL05847\" onerror=\"this.style.display='none'\"  sizes=\"(max-width: 768px) 100vw, 100vw\" srcset=\"data:image\/svg+xml;utf8,&lt;svg%20xmlns=&quot;http:\/\/www.w3.org\/2000\/svg&quot;%20viewBox=&quot;0%200%201663%201663&quot;%20height=&quot;1663px&quot;%20width=&quot;1663px&quot;\/&gt;\" data-srcset=\"https:\/\/saxuming.net\/wp-content\/uploads\/2023\/09\/GAL05847.jpg 1663w, https:\/\/saxuming.net\/wp-content\/uploads\/2023\/09\/GAL05847-300x300.jpg 300w, https:\/\/saxuming.net\/wp-content\/uploads\/2023\/09\/GAL05847-1024x1024.jpg 1024w, https:\/\/saxuming.net\/wp-content\/uploads\/2023\/09\/GAL05847-150x150.jpg 150w, https:\/\/saxuming.net\/wp-content\/uploads\/2023\/09\/GAL05847-1536x1536.jpg 1536w, https:\/\/saxuming.net\/wp-content\/uploads\/2023\/09\/GAL05847-1400x1400.jpg 1400w, https:\/\/saxuming.net\/wp-content\/uploads\/2023\/09\/GAL05847-700x700.jpg 700w, https:\/\/saxuming.net\/wp-content\/uploads\/2023\/09\/GAL05847-466x466.jpg 466w, https:\/\/saxuming.net\/wp-content\/uploads\/2023\/09\/GAL05847-933x933.jpg 933w, https:\/\/saxuming.net\/wp-content\/uploads\/2023\/09\/GAL05847-350x350.jpg 350w, https:\/\/saxuming.net\/wp-content\/uploads\/2023\/09\/GAL05847-100x100.jpg 100w\" \/>\t\t\t\t\t\t\t\n<h2>\n\tLeandro Montagna\n\t<\/h2>\n<h2>\n\tLider Civil\/Estrutural \n\t<\/h2>\n<p>Leandro \u00e9 Engenheiro Civil\/Estrutural L\u00edder com uma s\u00f3lida forma\u00e7\u00e3o acad\u00eamica, graduado em Engenharia Civil pela Universidade Tecnol\u00f3gica Nacional da Argentina e com um Mestrado em Engenharia Estrutural pela Universidade do Texas, nos EUA. Ele traz ampla experi\u00eancia em engenharia b\u00e1sica e de detalhamento de estruturas met\u00e1licas no setor industrial, com foco especial em projetos de cimento e minera\u00e7\u00e3o.<\/p>\n<p>Reconhecido por sua dedica\u00e7\u00e3o \u00e0 qualidade, Leandro garante o desenvolvimento meticuloso de planos e documenta\u00e7\u00f5es de projetos, al\u00e9m do monitoramento cont\u00ednuo do progresso no modelamento BIM. Apaixonado por inova\u00e7\u00e3o, ele participa ativamente de pesquisas para aprimorar ferramentas e metodologias de design.<\/p>\n<p>Na SAXUM, Leandro lidera com empatia e comunica\u00e7\u00e3o clara, promovendo a colabora\u00e7\u00e3o dentro da equipe de engenharia civil e assegurando o cumprimento dos objetivos do projeto. Sua habilidade de se conectar com clientes e colegas permite oferecer solu\u00e7\u00f5es r\u00e1pidas e eficazes, fortalecendo o compromisso de excel\u00eancia da SAXUM.<\/p>\n\t\t\t\t\t\t\t<img loading=\"lazy\" src=\"https:\/\/saxuming.net\/wp-content\/uploads\/2020\/12\/MG_6415.jpg\" alt=\"_MG_6415\" itemprop=\"image\" height=\"1272\" width=\"1271\" title=\"_MG_6415\" onerror=\"this.style.display='none'\"  sizes=\"(max-width: 768px) 100vw, 100vw\" srcset=\"data:image\/svg+xml;utf8,&lt;svg%20xmlns=&quot;http:\/\/www.w3.org\/2000\/svg&quot;%20viewBox=&quot;0%200%201271%201272&quot;%20height=&quot;1272px&quot;%20width=&quot;1271px&quot;\/&gt;\" data-srcset=\"https:\/\/saxuming.net\/wp-content\/uploads\/2020\/12\/MG_6415.jpg 1271w, https:\/\/saxuming.net\/wp-content\/uploads\/2020\/12\/MG_6415-300x300.jpg 300w, https:\/\/saxuming.net\/wp-content\/uploads\/2020\/12\/MG_6415-1024x1024.jpg 1024w, https:\/\/saxuming.net\/wp-content\/uploads\/2020\/12\/MG_6415-150x150.jpg 150w, https:\/\/saxuming.net\/wp-content\/uploads\/2020\/12\/MG_6415-768x769.jpg 768w, https:\/\/saxuming.net\/wp-content\/uploads\/2020\/12\/MG_6415-700x701.jpg 700w, https:\/\/saxuming.net\/wp-content\/uploads\/2020\/12\/MG_6415-466x466.jpg 466w, https:\/\/saxuming.net\/wp-content\/uploads\/2020\/12\/MG_6415-933x934.jpg 933w, https:\/\/saxuming.net\/wp-content\/uploads\/2020\/12\/MG_6415-350x350.jpg 350w, https:\/\/saxuming.net\/wp-content\/uploads\/2020\/12\/MG_6415-100x100.jpg 100w\" \/>\t\t\t\t\t\t\t\n<h2>\n\tEsteban Lescano\n\t<\/h2>\n<h2>\n\tIngeniero Mec\u00e1nico Senior\n\t<\/h2>\n\t<p>Esteban \u00e9 Engenheiro Mec\u00e2nico com s\u00f3lidos conhecimentos em Tubula\u00e7\u00e3o. Cinco anos de experi\u00eancia em engenharia mec\u00e2nica em diversos cargos na ind\u00fastria a\u00e7ucareira. Dez anos de experi\u00eancia trabalhando na ind\u00fastria de minera\u00e7\u00e3o e cimento.<\/p>\n\t\t\t\t\t\t\t<img loading=\"lazy\" src=\"https:\/\/saxuming.net\/wp-content\/uploads\/2023\/08\/GAL05836.jpg\" alt=\"GAL05836\" itemprop=\"image\" height=\"1663\" width=\"1663\" title=\"GAL05836\" onerror=\"this.style.display='none'\"  sizes=\"(max-width: 768px) 100vw, 100vw\" srcset=\"data:image\/svg+xml;utf8,&lt;svg%20xmlns=&quot;http:\/\/www.w3.org\/2000\/svg&quot;%20viewBox=&quot;0%200%201663%201663&quot;%20height=&quot;1663px&quot;%20width=&quot;1663px&quot;\/&gt;\" data-srcset=\"https:\/\/saxuming.net\/wp-content\/uploads\/2023\/08\/GAL05836.jpg 1663w, https:\/\/saxuming.net\/wp-content\/uploads\/2023\/08\/GAL05836-300x300.jpg 300w, https:\/\/saxuming.net\/wp-content\/uploads\/2023\/08\/GAL05836-1024x1024.jpg 1024w, https:\/\/saxuming.net\/wp-content\/uploads\/2023\/08\/GAL05836-150x150.jpg 150w, https:\/\/saxuming.net\/wp-content\/uploads\/2023\/08\/GAL05836-1536x1536.jpg 1536w, https:\/\/saxuming.net\/wp-content\/uploads\/2023\/08\/GAL05836-1400x1400.jpg 1400w, https:\/\/saxuming.net\/wp-content\/uploads\/2023\/08\/GAL05836-700x700.jpg 700w, https:\/\/saxuming.net\/wp-content\/uploads\/2023\/08\/GAL05836-466x466.jpg 466w, https:\/\/saxuming.net\/wp-content\/uploads\/2023\/08\/GAL05836-933x933.jpg 933w, https:\/\/saxuming.net\/wp-content\/uploads\/2023\/08\/GAL05836-350x350.jpg 350w, https:\/\/saxuming.net\/wp-content\/uploads\/2023\/08\/GAL05836-100x100.jpg 100w\" \/>\t\t\t\t\t\t\t\n<h2>\n\tAndres Eyerarbide\n\t<\/h2>\n<h2>\n\tIngeniero Mecanico Procesos Senior\n\t<\/h2>\n\t<p>Andres se formou na Universidade de Buenos Aires como Engenheiro Mec\u00e2nico. Ele tem mais de 12 anos de experi\u00eancia profissional em tecnologias para a ind\u00fastria de cimento. Sua passagem pela Alemanha o consolidou como Consultor Sr. nos principais projetos na Argentina e no mundo.<\/p>\n<p>Andres, da SAXUM, provou ser um especialista em engenharia detalhada para uma bomba de concreto alternativa, um estudo de desempenho de hidrogerador e um sistema de gerenciamento de areia de fraturamento para trabalhar com material \u00famido.<\/p>\n<p>Sua grande capacidade de lideran\u00e7a lhe permitiu se destacar nos diversos projetos que desenvolveu desde a fase conceitual at\u00e9 a finaliza\u00e7\u00e3o, passando por c\u00e1lculos de custos e prazos, engenharia b\u00e1sica e detalhada e fornecimento. Ele \u00e9 tenaz e perseverante em suas a\u00e7\u00f5es di\u00e1rias.<\/p>\n\t\t\t\t\t\t\t<img loading=\"lazy\" src=\"https:\/\/saxuming.net\/wp-content\/uploads\/2026\/01\/Carolina-Ramallo.jpeg\" alt=\"Carolina Ramallo\" itemprop=\"image\" height=\"689\" width=\"689\" title=\"Carolina Ramallo\" onerror=\"this.style.display='none'\"  sizes=\"(max-width: 768px) 100vw, 100vw\" srcset=\"data:image\/svg+xml;utf8,&lt;svg%20xmlns=&quot;http:\/\/www.w3.org\/2000\/svg&quot;%20viewBox=&quot;0%200%20689%20689&quot;%20height=&quot;689px&quot;%20width=&quot;689px&quot;\/&gt;\" data-srcset=\"https:\/\/saxuming.net\/wp-content\/uploads\/2026\/01\/Carolina-Ramallo.jpeg 689w, https:\/\/saxuming.net\/wp-content\/uploads\/2026\/01\/Carolina-Ramallo-300x300.jpeg 300w, https:\/\/saxuming.net\/wp-content\/uploads\/2026\/01\/Carolina-Ramallo-150x150.jpeg 150w, https:\/\/saxuming.net\/wp-content\/uploads\/2026\/01\/Carolina-Ramallo-466x466.jpeg 466w, https:\/\/saxuming.net\/wp-content\/uploads\/2026\/01\/Carolina-Ramallo-350x350.jpeg 350w, https:\/\/saxuming.net\/wp-content\/uploads\/2026\/01\/Carolina-Ramallo-100x100.jpeg 100w\" \/>\t\t\t\t\t\t\t\n<h2>\n\tCarolina Ramallo\n\t<\/h2>\n<h2>\n\tL\u00edder de Assuntos Jur\u00eddicos\n\t<\/h2>\n\t<p>Carolina \u00e9 advogada corporativa, formada pela Universidade Nacional de Tucum\u00e1n -Argentina e concluiu diversos estudos de p\u00f3s-gradua\u00e7\u00e3o, como; P\u00f3s-gradua\u00e7\u00e3o em Atualiza\u00e7\u00e3o CyCN pela Universidade Nacional de Tucum\u00e1n, P\u00f3s-gradua\u00e7\u00e3o em Seguros pela Pontif\u00edcia Universidade Cat\u00f3lica Argentina, P\u00f3s-gradua\u00e7\u00e3o em Administra\u00e7\u00e3o de Contratos de Engenharia e Constru\u00e7\u00e3o pela Pontif\u00edcia Universidade Cat\u00f3lica Argentina, onde obteve o pr\u00eamio de primeiro lugar por seu desempenho e posi\u00e7\u00e3o como acad\u00eamico assistente na universidade. Possui 15 anos de experi\u00eancia como advogada interna e j\u00e1 participou de projetos industriais, imobili\u00e1rios e de plantas de minera\u00e7\u00e3o, especialmente na negocia\u00e7\u00e3o e elabora\u00e7\u00e3o de contratos de constru\u00e7\u00e3o e engenharia.<\/p>\n<p>Na SAXUM Carolina participa de processos licitat\u00f3rios e realiza o acompanhamento jur\u00eddico de todos os projetos em execu\u00e7\u00e3o at\u00e9 a sua conclus\u00e3o. Carolina auxilia projetos em tudo relacionado com: Gest\u00e3o contratual de servi\u00e7os relacionados com diferentes projetos, Assessoria em negocia\u00e7\u00f5es e procedimentos sobre todos os aspectos relacionados com a gest\u00e3o contratual que sejam necess\u00e1rios, Assist\u00eancia em procedimentos de contrata\u00e7\u00e3o, Prepara\u00e7\u00e3o de atualiza\u00e7\u00e3o de servi\u00e7os e relat\u00f3rios de progresso, Contratual auditoria de riscos, Controle e monitoramento de requisitos contratuais, Gest\u00e3o documental de contrata\u00e7\u00e3o, Acompanhamento e contrata\u00e7\u00e3o.<\/p>\n\t\t\t\t\t\t\t<img loading=\"lazy\" src=\"https:\/\/saxuming.net\/wp-content\/uploads\/2020\/12\/MG_6381.jpg\" alt=\"_MG_6381\" itemprop=\"image\" height=\"1222\" width=\"1222\" title=\"_MG_6381\" onerror=\"this.style.display='none'\"  sizes=\"(max-width: 768px) 100vw, 100vw\" srcset=\"data:image\/svg+xml;utf8,&lt;svg%20xmlns=&quot;http:\/\/www.w3.org\/2000\/svg&quot;%20viewBox=&quot;0%200%201222%201222&quot;%20height=&quot;1222px&quot;%20width=&quot;1222px&quot;\/&gt;\" data-srcset=\"https:\/\/saxuming.net\/wp-content\/uploads\/2020\/12\/MG_6381.jpg 1222w, https:\/\/saxuming.net\/wp-content\/uploads\/2020\/12\/MG_6381-300x300.jpg 300w, https:\/\/saxuming.net\/wp-content\/uploads\/2020\/12\/MG_6381-1024x1024.jpg 1024w, https:\/\/saxuming.net\/wp-content\/uploads\/2020\/12\/MG_6381-150x150.jpg 150w, https:\/\/saxuming.net\/wp-content\/uploads\/2020\/12\/MG_6381-768x768.jpg 768w, https:\/\/saxuming.net\/wp-content\/uploads\/2020\/12\/MG_6381-700x700.jpg 700w, https:\/\/saxuming.net\/wp-content\/uploads\/2020\/12\/MG_6381-466x466.jpg 466w, https:\/\/saxuming.net\/wp-content\/uploads\/2020\/12\/MG_6381-933x933.jpg 933w, https:\/\/saxuming.net\/wp-content\/uploads\/2020\/12\/MG_6381-350x350.jpg 350w, https:\/\/saxuming.net\/wp-content\/uploads\/2020\/12\/MG_6381-100x100.jpg 100w\" \/>\t\t\t\t\t\t\t\n<h2>\n\tLeonardo Costilla\n\t<\/h2>\n<h2>\n\tIngeniero Civil\/Estructural Senior y Supervisor de Obra\n\t<\/h2>\n\t<p>Mais de 15 anos de experi\u00eancia em projetos de cimento e minera\u00e7\u00e3o. Ampla experi\u00eancia no desenvolvimento de modelos e desenhos TEKLA, desenhos CAD, c\u00e1lculo de quantidades de a\u00e7o e armadura, pr\u00e9-projeto e dimensionamento de estruturas de a\u00e7o e concreto. projetos de cimento e minera\u00e7\u00e3o.<\/p>\n\t\t\t\t\t\t\t<img loading=\"lazy\" src=\"https:\/\/saxuming.net\/wp-content\/uploads\/2023\/08\/PINTO-MAURICIO.jpeg\" alt=\"PINTO MAURICIO\" itemprop=\"image\" height=\"1219\" width=\"1219\" title=\"PINTO MAURICIO\" onerror=\"this.style.display='none'\"  sizes=\"(max-width: 768px) 100vw, 100vw\" srcset=\"data:image\/svg+xml;utf8,&lt;svg%20xmlns=&quot;http:\/\/www.w3.org\/2000\/svg&quot;%20viewBox=&quot;0%200%201219%201219&quot;%20height=&quot;1219px&quot;%20width=&quot;1219px&quot;\/&gt;\" data-srcset=\"https:\/\/saxuming.net\/wp-content\/uploads\/2023\/08\/PINTO-MAURICIO.jpeg 1219w, https:\/\/saxuming.net\/wp-content\/uploads\/2023\/08\/PINTO-MAURICIO-300x300.jpeg 300w, https:\/\/saxuming.net\/wp-content\/uploads\/2023\/08\/PINTO-MAURICIO-1024x1024.jpeg 1024w, https:\/\/saxuming.net\/wp-content\/uploads\/2023\/08\/PINTO-MAURICIO-150x150.jpeg 150w, https:\/\/saxuming.net\/wp-content\/uploads\/2023\/08\/PINTO-MAURICIO-700x700.jpeg 700w, https:\/\/saxuming.net\/wp-content\/uploads\/2023\/08\/PINTO-MAURICIO-466x466.jpeg 466w, https:\/\/saxuming.net\/wp-content\/uploads\/2023\/08\/PINTO-MAURICIO-933x933.jpeg 933w, https:\/\/saxuming.net\/wp-content\/uploads\/2023\/08\/PINTO-MAURICIO-350x350.jpeg 350w, https:\/\/saxuming.net\/wp-content\/uploads\/2023\/08\/PINTO-MAURICIO-100x100.jpeg 100w\" \/>\t\t\t\t\t\t\t\n<h2>\n\tMauricio Pinto\n\t<\/h2>\n<h2>\n\tProject Manager\n\t<\/h2>\n<p>Mauricio \u00e9 Engenheiro Civil\/Estrutural formado pela Universidade de Chicago. Ele \u00e9 um mestre certificado pela Universidade de Arkansas. Ele tem mais de 25 anos de experi\u00eancia em constru\u00e7\u00e3o, engenharia, gerenciamento de projetos e comissionamento na EPCI nos EUA. Fluente na l\u00edngua espanhola, destaca-se por liderar projetos que incluem projeto de engenharia, investiga\u00e7\u00f5es de engenharia, engenharia forense, constru\u00e7\u00e3o, opera\u00e7\u00e3o e manuten\u00e7\u00e3o.<\/p>\n<p>Possui certifica\u00e7\u00e3o PMP e \u00e9 totalmente versado no conjunto de \u00e1reas de conhecimento de gerenciamento de projetos (Inicia\u00e7\u00e3o, Planejamento, Execu\u00e7\u00e3o, Monitoramento e Controle, Encerramento).<\/p>\n<p>Na SAXUM faz parte da seleta equipe de PM caracterizada pela vis\u00e3o estrat\u00e9gica e pelo trabalho em equipe, focando desde os aspectos gerais at\u00e9 os espec\u00edficos do trabalho di\u00e1rio e da organiza\u00e7\u00e3o de cada projeto, sua implementa\u00e7\u00e3o e programa\u00e7\u00e3o.<\/p>\n\t\t\t\t\t\t\t<img loading=\"lazy\" src=\"https:\/\/saxuming.net\/wp-content\/uploads\/2023\/08\/Erica.jpg\" alt=\"Erica\" itemprop=\"image\" height=\"1663\" width=\"1663\" title=\"Erica\" onerror=\"this.style.display='none'\"  sizes=\"(max-width: 768px) 100vw, 100vw\" srcset=\"data:image\/svg+xml;utf8,&lt;svg%20xmlns=&quot;http:\/\/www.w3.org\/2000\/svg&quot;%20viewBox=&quot;0%200%201663%201663&quot;%20height=&quot;1663px&quot;%20width=&quot;1663px&quot;\/&gt;\" data-srcset=\"https:\/\/saxuming.net\/wp-content\/uploads\/2023\/08\/Erica.jpg 1663w, https:\/\/saxuming.net\/wp-content\/uploads\/2023\/08\/Erica-300x300.jpg 300w, https:\/\/saxuming.net\/wp-content\/uploads\/2023\/08\/Erica-1024x1024.jpg 1024w, https:\/\/saxuming.net\/wp-content\/uploads\/2023\/08\/Erica-150x150.jpg 150w, https:\/\/saxuming.net\/wp-content\/uploads\/2023\/08\/Erica-1536x1536.jpg 1536w, https:\/\/saxuming.net\/wp-content\/uploads\/2023\/08\/Erica-1400x1400.jpg 1400w, https:\/\/saxuming.net\/wp-content\/uploads\/2023\/08\/Erica-700x700.jpg 700w, https:\/\/saxuming.net\/wp-content\/uploads\/2023\/08\/Erica-466x466.jpg 466w, https:\/\/saxuming.net\/wp-content\/uploads\/2023\/08\/Erica-933x933.jpg 933w, https:\/\/saxuming.net\/wp-content\/uploads\/2023\/08\/Erica-350x350.jpg 350w, https:\/\/saxuming.net\/wp-content\/uploads\/2023\/08\/Erica-100x100.jpg 100w\" \/>\t\t\t\t\t\t\t\n<h2>\n\tErica Gisler\n\t<\/h2>\n<h2>\n\tIngeniera Electromec\u00e1nica\n\t<\/h2>\n<p>Erica \u00e9 Engenheira Eletromec\u00e2nica formada pela Universidade Nacional do Centro da Prov\u00edncia de Buenos Aires (UNICEN). Possui s\u00f3lido dom\u00ednio da utiliza\u00e7\u00e3o de softwares para desenvolvimento de engenharia de detalhamento, abrangendo a cria\u00e7\u00e3o de plantas unifilares, funcionais, topogr\u00e1ficas, c\u00e1lculos el\u00e9tricos, entre outros. Al\u00e9m disso, possui experi\u00eancia na gest\u00e3o de certifica\u00e7\u00f5es de qualidade de acordo com as Normas ISO (TRINORMAS).<\/p>\n<p>Na Saxum, Erica destaca-se pela sua rica experi\u00eancia na concep\u00e7\u00e3o e fabrico de arm\u00e1rios para diversos tipos de quadros el\u00e9ctricos de baixa tens\u00e3o, bem como de pain\u00e9is de distribui\u00e7\u00e3o de energia de m\u00e9dia tens\u00e3o, a sua enorme capacidade de adapta\u00e7\u00e3o \u00e0s novas e as suas capacidades de comunica\u00e7\u00e3o fortalecem-na. perfil completo como profissional e companheiro de equipe.<\/p>\n\t\t\t\t\t\t\t<img loading=\"lazy\" src=\"https:\/\/saxuming.net\/wp-content\/uploads\/2023\/08\/GAL05790.jpg\" alt=\"GAL05790\" itemprop=\"image\" height=\"1663\" width=\"1663\" title=\"GAL05790\" onerror=\"this.style.display='none'\"  sizes=\"(max-width: 768px) 100vw, 100vw\" srcset=\"data:image\/svg+xml;utf8,&lt;svg%20xmlns=&quot;http:\/\/www.w3.org\/2000\/svg&quot;%20viewBox=&quot;0%200%201663%201663&quot;%20height=&quot;1663px&quot;%20width=&quot;1663px&quot;\/&gt;\" data-srcset=\"https:\/\/saxuming.net\/wp-content\/uploads\/2023\/08\/GAL05790.jpg 1663w, https:\/\/saxuming.net\/wp-content\/uploads\/2023\/08\/GAL05790-300x300.jpg 300w, https:\/\/saxuming.net\/wp-content\/uploads\/2023\/08\/GAL05790-1024x1024.jpg 1024w, https:\/\/saxuming.net\/wp-content\/uploads\/2023\/08\/GAL05790-150x150.jpg 150w, https:\/\/saxuming.net\/wp-content\/uploads\/2023\/08\/GAL05790-1536x1536.jpg 1536w, https:\/\/saxuming.net\/wp-content\/uploads\/2023\/08\/GAL05790-1400x1400.jpg 1400w, https:\/\/saxuming.net\/wp-content\/uploads\/2023\/08\/GAL05790-700x700.jpg 700w, https:\/\/saxuming.net\/wp-content\/uploads\/2023\/08\/GAL05790-466x466.jpg 466w, https:\/\/saxuming.net\/wp-content\/uploads\/2023\/08\/GAL05790-933x933.jpg 933w, https:\/\/saxuming.net\/wp-content\/uploads\/2023\/08\/GAL05790-350x350.jpg 350w, https:\/\/saxuming.net\/wp-content\/uploads\/2023\/08\/GAL05790-100x100.jpg 100w\" \/>\t\t\t\t\t\t\t\n<h2>\n\tEugenia Espeche\n\t<\/h2>\n<h2>\n\tIngeniera Civil\/Estructural \n\t<\/h2>\n\t<p>Eugenia formou-se engenheira civil com excelente m\u00e9dia na Universidade Nacional de Tucum\u00e1n. Possui experi\u00eancia em projeto e c\u00e1lculo de estruturas que fazem parte de projetos de minera\u00e7\u00e3o e cimento. Excelente manuseio de ferramentas de m\u00e9todos num\u00e9ricos.<\/p>\n<p>Destaca-se pelo seu conhecimento na avalia\u00e7\u00e3o da estabilidade e estado de tens\u00e3o de estruturas, dimensionamento e dimensionamento de elementos estruturais aplicando diretrizes regulat\u00f3rias nacionais e internacionais.<\/p>\n<p>Na SAXUM, Eugenia brilha com talento na sua abordagem \u00fanica ao design e engenharia.<\/p>\n\t\t\t\t\t\t\t<img loading=\"lazy\" src=\"https:\/\/saxuming.net\/wp-content\/uploads\/2023\/08\/GAL05797.jpg\" alt=\"GAL05797\" itemprop=\"image\" height=\"1511\" width=\"1511\" title=\"GAL05797\" onerror=\"this.style.display='none'\"  sizes=\"(max-width: 768px) 100vw, 100vw\" srcset=\"data:image\/svg+xml;utf8,&lt;svg%20xmlns=&quot;http:\/\/www.w3.org\/2000\/svg&quot;%20viewBox=&quot;0%200%201511%201511&quot;%20height=&quot;1511px&quot;%20width=&quot;1511px&quot;\/&gt;\" data-srcset=\"https:\/\/saxuming.net\/wp-content\/uploads\/2023\/08\/GAL05797.jpg 1511w, https:\/\/saxuming.net\/wp-content\/uploads\/2023\/08\/GAL05797-300x300.jpg 300w, https:\/\/saxuming.net\/wp-content\/uploads\/2023\/08\/GAL05797-1024x1024.jpg 1024w, https:\/\/saxuming.net\/wp-content\/uploads\/2023\/08\/GAL05797-150x150.jpg 150w, https:\/\/saxuming.net\/wp-content\/uploads\/2023\/08\/GAL05797-1400x1400.jpg 1400w, https:\/\/saxuming.net\/wp-content\/uploads\/2023\/08\/GAL05797-700x700.jpg 700w, https:\/\/saxuming.net\/wp-content\/uploads\/2023\/08\/GAL05797-466x466.jpg 466w, https:\/\/saxuming.net\/wp-content\/uploads\/2023\/08\/GAL05797-933x933.jpg 933w, https:\/\/saxuming.net\/wp-content\/uploads\/2023\/08\/GAL05797-350x350.jpg 350w, https:\/\/saxuming.net\/wp-content\/uploads\/2023\/08\/GAL05797-100x100.jpg 100w\" \/>\t\t\t\t\t\t\t\n<h2>\n\tBarbara Schilman\n\t<\/h2>\n<h2>\n\tProject Control\n\t<\/h2>\n\t<p>Barbara \u00e9 engenheira civil certificada pela Universidade Nacional de Tucum\u00e1n. A sua preocupa\u00e7\u00e3o com o planeamento, organiza\u00e7\u00e3o e acompanhamento de projetos levou-a a especializar-se como Gestora de Projetos em Maiorca, Espanha. Ele tem excelente dom\u00ednio da l\u00edngua inglesa.<\/p>\n<p>Na SAXUM atua como Analista de Controle de Projetos, analisando seu acompanhamento, or\u00e7amento e viabilidade.<\/p>\n<p>Destaca-se pela press\u00e3o e pontualidade na determina\u00e7\u00e3o de cronogramas, procedimentos e padr\u00f5es especificados para cada projeto, gerenciando vari\u00e1veis \u200b\u200breais para satisfazer de forma eficaz e eficiente nossos clientes.<\/p>\n\t\t\t\t\t\t\t<img loading=\"lazy\" src=\"https:\/\/saxuming.net\/wp-content\/uploads\/2023\/09\/GAL05802.jpg\" alt=\"GAL05802\" itemprop=\"image\" height=\"1601\" width=\"1601\" title=\"GAL05802\" onerror=\"this.style.display='none'\"  sizes=\"(max-width: 768px) 100vw, 100vw\" srcset=\"data:image\/svg+xml;utf8,&lt;svg%20xmlns=&quot;http:\/\/www.w3.org\/2000\/svg&quot;%20viewBox=&quot;0%200%201601%201601&quot;%20height=&quot;1601px&quot;%20width=&quot;1601px&quot;\/&gt;\" data-srcset=\"https:\/\/saxuming.net\/wp-content\/uploads\/2023\/09\/GAL05802.jpg 1601w, https:\/\/saxuming.net\/wp-content\/uploads\/2023\/09\/GAL05802-300x300.jpg 300w, https:\/\/saxuming.net\/wp-content\/uploads\/2023\/09\/GAL05802-1024x1024.jpg 1024w, https:\/\/saxuming.net\/wp-content\/uploads\/2023\/09\/GAL05802-150x150.jpg 150w, https:\/\/saxuming.net\/wp-content\/uploads\/2023\/09\/GAL05802-1536x1536.jpg 1536w, https:\/\/saxuming.net\/wp-content\/uploads\/2023\/09\/GAL05802-1400x1400.jpg 1400w, https:\/\/saxuming.net\/wp-content\/uploads\/2023\/09\/GAL05802-700x700.jpg 700w, https:\/\/saxuming.net\/wp-content\/uploads\/2023\/09\/GAL05802-466x466.jpg 466w, https:\/\/saxuming.net\/wp-content\/uploads\/2023\/09\/GAL05802-933x933.jpg 933w, https:\/\/saxuming.net\/wp-content\/uploads\/2023\/09\/GAL05802-350x350.jpg 350w, https:\/\/saxuming.net\/wp-content\/uploads\/2023\/09\/GAL05802-100x100.jpg 100w\" \/>\t\t\t\t\t\t\t\n<h2>\n\tJuan Minich\n\t<\/h2>\n<h2>\n\tIngeniero Civil\/Estructural \n\t<\/h2>\n\t<p>Juan formou-se em Engenharia Civil pela Universidade Tecnol\u00f3gica de Bah\u00eda Blanca. Certificado como Gerente de Projetos pela Universidade de Buenos Aires. Ele tem mais de 25 anos de experi\u00eancia em engenharia de projetos. Gest\u00e3o de Obras. Destaca-se pela expertise em c\u00e1lculo estrutural para grandes ind\u00fastrias como minera\u00e7\u00e3o e cimento, mem\u00f3ria de c\u00e1lculo, utiliza\u00e7\u00e3o de normas nacionais e internacionais para o desenvolvimento da engenharia em qualquer lugar do mundo.<\/p>\n<p>Na SAXUM faz parte de uma equipe de engenheiros civis de destaque, sua grande capacidade de comunica\u00e7\u00e3o e sua destacada qualidade de trabalho em equipe favorecem o interc\u00e2mbio interdisciplinar com os departamentos de Engenharia Mec\u00e2nica e Engenharia El\u00e9trica.<\/p>\n\t\t\t\t\t\t\t<img loading=\"lazy\" src=\"https:\/\/saxuming.net\/wp-content\/uploads\/2023\/09\/GAL05750.jpg\" alt=\"GAL05750\" itemprop=\"image\" height=\"1503\" width=\"1502\" title=\"GAL05750\" onerror=\"this.style.display='none'\"  sizes=\"(max-width: 768px) 100vw, 100vw\" srcset=\"data:image\/svg+xml;utf8,&lt;svg%20xmlns=&quot;http:\/\/www.w3.org\/2000\/svg&quot;%20viewBox=&quot;0%200%201502%201503&quot;%20height=&quot;1503px&quot;%20width=&quot;1502px&quot;\/&gt;\" data-srcset=\"https:\/\/saxuming.net\/wp-content\/uploads\/2023\/09\/GAL05750.jpg 1502w, https:\/\/saxuming.net\/wp-content\/uploads\/2023\/09\/GAL05750-300x300.jpg 300w, https:\/\/saxuming.net\/wp-content\/uploads\/2023\/09\/GAL05750-1024x1024.jpg 1024w, https:\/\/saxuming.net\/wp-content\/uploads\/2023\/09\/GAL05750-150x150.jpg 150w, https:\/\/saxuming.net\/wp-content\/uploads\/2023\/09\/GAL05750-1400x1401.jpg 1400w, https:\/\/saxuming.net\/wp-content\/uploads\/2023\/09\/GAL05750-700x700.jpg 700w, https:\/\/saxuming.net\/wp-content\/uploads\/2023\/09\/GAL05750-466x466.jpg 466w, https:\/\/saxuming.net\/wp-content\/uploads\/2023\/09\/GAL05750-933x934.jpg 933w, https:\/\/saxuming.net\/wp-content\/uploads\/2023\/09\/GAL05750-350x350.jpg 350w, https:\/\/saxuming.net\/wp-content\/uploads\/2023\/09\/GAL05750-100x100.jpg 100w\" \/>\t\t\t\t\t\t\t\n<h2>\n\tFlorencia Garcia Perez\n\t<\/h2>\n<h2>\n\tProject Manager PMP\n\t<\/h2>\n\t<p>Florencia \u00e9 Engenheira Industrial formada pela Universidade Nacional de Tucum\u00e1n. Especializou-se na \u00e1rea de coordena\u00e7\u00e3o e planejamento de projetos de engenharia. Desenvolvo conhecimentos em certifica\u00e7\u00e3o de constru\u00e7\u00e3o, an\u00e1lise ICAPS, aplica\u00e7\u00e3o de metodologia PMI. C\u00e1lculo de custos utilizando procedimento manual SAP.<\/p>\n<p>Na SAXUM atua como Analista de Controle de Projetos, destaca-se pela grande capacidade de acompanhamento e controle das \u00e1reas de engenharia, gest\u00e3o de compras e produ\u00e7\u00e3o. A sua capacidade de an\u00e1lise, aten\u00e7\u00e3o ao detalhe e sentido de urg\u00eancia revelam a sua efic\u00e1cia e talento na resolu\u00e7\u00e3o das necessidades dos nossos clientes.<\/p>\n\t\t\t\t\t\t\t<img loading=\"lazy\" src=\"https:\/\/saxuming.net\/wp-content\/uploads\/2021\/04\/MG_6626.jpg\" alt=\"_MG_6626\" itemprop=\"image\" height=\"1068\" width=\"1068\" title=\"_MG_6626\" onerror=\"this.style.display='none'\"  sizes=\"(max-width: 768px) 100vw, 100vw\" srcset=\"data:image\/svg+xml;utf8,&lt;svg%20xmlns=&quot;http:\/\/www.w3.org\/2000\/svg&quot;%20viewBox=&quot;0%200%201068%201068&quot;%20height=&quot;1068px&quot;%20width=&quot;1068px&quot;\/&gt;\" data-srcset=\"https:\/\/saxuming.net\/wp-content\/uploads\/2021\/04\/MG_6626.jpg 1068w, https:\/\/saxuming.net\/wp-content\/uploads\/2021\/04\/MG_6626-300x300.jpg 300w, https:\/\/saxuming.net\/wp-content\/uploads\/2021\/04\/MG_6626-1024x1024.jpg 1024w, https:\/\/saxuming.net\/wp-content\/uploads\/2021\/04\/MG_6626-150x150.jpg 150w, https:\/\/saxuming.net\/wp-content\/uploads\/2021\/04\/MG_6626-768x768.jpg 768w, https:\/\/saxuming.net\/wp-content\/uploads\/2021\/04\/MG_6626-700x700.jpg 700w, https:\/\/saxuming.net\/wp-content\/uploads\/2021\/04\/MG_6626-466x466.jpg 466w, https:\/\/saxuming.net\/wp-content\/uploads\/2021\/04\/MG_6626-933x933.jpg 933w, https:\/\/saxuming.net\/wp-content\/uploads\/2021\/04\/MG_6626-350x350.jpg 350w, https:\/\/saxuming.net\/wp-content\/uploads\/2021\/04\/MG_6626-100x100.jpg 100w\" \/>\t\t\t\t\t\t\t\n<h2>\n\tMarcos Salvatierra\n\t<\/h2>\n<h2>\n\tAdministrador de Sistemas S\u00eanior\n\t<\/h2>\n\t<p>Engenheiro de Sistemas de Informa\u00e7\u00e3o com mais de 30 anos de experi\u00eancia no setor de TI. Focado em tecnologias open source, telecomunica\u00e7\u00f5es, sistemas operacionais, servi\u00e7os de infraestrutura, data centers, redes, auditoria de sistemas, seguran\u00e7a da informa\u00e7\u00e3o e solu\u00e7\u00f5es de educa\u00e7\u00e3o a dist\u00e2ncia. Focada na presta\u00e7\u00e3o de servi\u00e7os comprometidos com a defesa dos interesses do cliente, liderando equipes de alto valor t\u00e9cnico e \u00e9tica profissional. Especializada no desenvolvimento de projetos tecnol\u00f3gicos para clientes exigentes, desde a concep\u00e7\u00e3o at\u00e9 a implanta\u00e7\u00e3o, com ampla experi\u00eancia profissional liderando equipes e projetos.<\/p>\n\t\t\t\t\t\t\t<img loading=\"lazy\" src=\"https:\/\/saxuming.net\/wp-content\/uploads\/2024\/12\/1000169117-1.jpg\" alt=\"1000169117\" itemprop=\"image\" height=\"353\" width=\"353\" title=\"1000169117\" onerror=\"this.style.display='none'\"  sizes=\"(max-width: 768px) 100vw, 100vw\" srcset=\"data:image\/svg+xml;utf8,&lt;svg%20xmlns=&quot;http:\/\/www.w3.org\/2000\/svg&quot;%20viewBox=&quot;0%200%20353%20353&quot;%20height=&quot;353px&quot;%20width=&quot;353px&quot;\/&gt;\" data-srcset=\"https:\/\/saxuming.net\/wp-content\/uploads\/2024\/12\/1000169117-1.jpg 353w, https:\/\/saxuming.net\/wp-content\/uploads\/2024\/12\/1000169117-1-300x300.jpg 300w, https:\/\/saxuming.net\/wp-content\/uploads\/2024\/12\/1000169117-1-150x150.jpg 150w, https:\/\/saxuming.net\/wp-content\/uploads\/2024\/12\/1000169117-1-350x350.jpg 350w, https:\/\/saxuming.net\/wp-content\/uploads\/2024\/12\/1000169117-1-100x100.jpg 100w\" \/>\t\t\t\t\t\t\t\n<h2>\n\tMatias Fernandez\n\t<\/h2>\n<h2>\n\tAnalista de RH\n\t<\/h2>\n\tMat\u00edas \u00e9 um profissional com vasta experi\u00eancia em Recursos Humanos, especializado na implementa\u00e7\u00e3o de KPIs, desenvolvimento de dashboards de controle e gest\u00e3o de dados visando an\u00e1lise e melhoria de processos. Com s\u00f3lida forma\u00e7\u00e3o acad\u00eamica, possui bacharelado em Recursos Humanos, MBA em Gest\u00e3o S\u00eanior de Neg\u00f3cios e mestrado em Remunera\u00e7\u00e3o e Benef\u00edcios. Ao longo de sua carreira, atuou em diversos setores como minera\u00e7\u00e3o, sa\u00fade e varejo.<br \/>\nReporta diretamente ao Gestor de Recursos Humanos e tem um papel ativo na implementa\u00e7\u00e3o da estrat\u00e9gia numa perspetiva integradora. Seu foco \u00e9 o alinhamento dos processos operacionais com a vis\u00e3o global da empresa. Para isso, gera e implementa processos que combinam tecnologia e an\u00e1lise de dados, permitindo otimizar e automatizar as principais tarefas do departamento. Esta abordagem contribui diretamente para a execu\u00e7\u00e3o eficiente da estrat\u00e9gia empresarial da SAXUM.\n\t\t\t\t\t\t\t<img loading=\"lazy\" src=\"https:\/\/saxuming.net\/wp-content\/uploads\/2021\/01\/MG_6418.jpg\" alt=\"_MG_6418\" itemprop=\"image\" height=\"1228\" width=\"1228\" title=\"_MG_6418\" onerror=\"this.style.display='none'\"  sizes=\"(max-width: 768px) 100vw, 100vw\" srcset=\"data:image\/svg+xml;utf8,&lt;svg%20xmlns=&quot;http:\/\/www.w3.org\/2000\/svg&quot;%20viewBox=&quot;0%200%201228%201228&quot;%20height=&quot;1228px&quot;%20width=&quot;1228px&quot;\/&gt;\" data-srcset=\"https:\/\/saxuming.net\/wp-content\/uploads\/2021\/01\/MG_6418.jpg 1228w, https:\/\/saxuming.net\/wp-content\/uploads\/2021\/01\/MG_6418-300x300.jpg 300w, https:\/\/saxuming.net\/wp-content\/uploads\/2021\/01\/MG_6418-1024x1024.jpg 1024w, https:\/\/saxuming.net\/wp-content\/uploads\/2021\/01\/MG_6418-150x150.jpg 150w, https:\/\/saxuming.net\/wp-content\/uploads\/2021\/01\/MG_6418-768x768.jpg 768w, https:\/\/saxuming.net\/wp-content\/uploads\/2021\/01\/MG_6418-700x700.jpg 700w, https:\/\/saxuming.net\/wp-content\/uploads\/2021\/01\/MG_6418-466x466.jpg 466w, https:\/\/saxuming.net\/wp-content\/uploads\/2021\/01\/MG_6418-933x933.jpg 933w, https:\/\/saxuming.net\/wp-content\/uploads\/2021\/01\/MG_6418-350x350.jpg 350w, https:\/\/saxuming.net\/wp-content\/uploads\/2021\/01\/MG_6418-100x100.jpg 100w\" \/>\t\t\t\t\t\t\t\n<h2>\n\tIsabel Ant\u00f3n\n\t<\/h2>\n<h2>\n\tAsistente Ejecutiva\n\t<\/h2>\n\t<p>Isabel \u00e9 respons\u00e1vel pelo atendimento ao CEO e suporte geral \u00e0s \u00e1reas Administrativa e RH da empresa. Possui mais de 30 anos de experi\u00eancia em tradu\u00e7\u00e3o em diversas \u00e1reas. Habilidades desenvolvidas. Proativo e orientado a desafios. Habilidades excepcionais de resolu\u00e7\u00e3o de problemas.<\/p>\n\n<\/div><!-- .vgblk-rw-wrapper -->","protected":false},"excerpt":{"rendered":"<p>Guillermo Etse CEO Ampla experi\u00eancia na an\u00e1lise e projeto de estruturas e funda\u00e7\u00f5es de edif\u00edcios de ped\u00e1gio e, em particular, de estruturas complexas para instala\u00e7\u00f5es industriais pesadas, como torres de processo de f\u00e1bricas de cimento, silos, funda\u00e7\u00f5es de moinhos e estruturas de usinas nucleares. Ele tem ampla experi\u00eancia e profundo conhecimento em an\u00e1lise de elementos&#8230;<\/p>\n","protected":false},"author":1,"featured_media":0,"parent":0,"menu_order":0,"comment_status":"closed","ping_status":"closed","template":"","meta":{"inline_featured_image":false},"jetpack_sharing_enabled":true,"_links":{"self":[{"href":"https:\/\/saxuming.net\/pt-br\/wp-json\/wp\/v2\/pages\/23418"}],"collection":[{"href":"https:\/\/saxuming.net\/pt-br\/wp-json\/wp\/v2\/pages"}],"about":[{"href":"https:\/\/saxuming.net\/pt-br\/wp-json\/wp\/v2\/types\/page"}],"author":[{"embeddable":true,"href":"https:\/\/saxuming.net\/pt-br\/wp-json\/wp\/v2\/users\/1"}],"replies":[{"embeddable":true,"href":"https:\/\/saxuming.net\/pt-br\/wp-json\/wp\/v2\/comments?post=23418"}],"version-history":[{"count":21,"href":"https:\/\/saxuming.net\/pt-br\/wp-json\/wp\/v2\/pages\/23418\/revisions"}],"predecessor-version":[{"id":24519,"href":"https:\/\/saxuming.net\/pt-br\/wp-json\/wp\/v2\/pages\/23418\/revisions\/24519"}],"wp:attachment":[{"href":"https:\/\/saxuming.net\/pt-br\/wp-json\/wp\/v2\/media?parent=23418"}],"curies":[{"name":"wp","href":"https:\/\/api.w.org\/{rel}","templated":true}]}}